{"id":324,"date":"2016-08-23T09:12:51","date_gmt":"2016-08-23T09:12:51","guid":{"rendered":"http:\/\/gites-stoffel.fr\/?page_id=324&#038;lang=en"},"modified":"2019-10-31T11:10:46","modified_gmt":"2019-10-31T11:10:46","slug":"la-region","status":"publish","type":"page","link":"https:\/\/gites-stoffel.fr\/en\/la-region\/","title":{"rendered":"The Area"},"content":{"rendered":"<p><div class=\"fusion-fullwidth fullwidth-box fusion-builder-row-1 hundred-percent-fullwidth non-hundred-percent-height-scrolling\" style=\"--awb-border-radius-top-left:0px;--awb-border-radius-top-right:0px;--awb-border-radius-bottom-right:0px;--awb-border-radius-bottom-left:0px;--awb-overflow:visible;--awb-padding-right:30px;--awb-padding-left:30px;\" ><div class=\"fusion-builder-row fusion-row\"><div class=\"fusion-layout-column fusion_builder_column fusion-builder-column-0 fusion_builder_column_1_1 1_1 fusion-one-full fusion-column-first fusion-column-last fusion-column-no-min-height\" style=\"--awb-bg-size:cover;--awb-margin-top:0px;--awb-margin-bottom:0px;\"><div class=\"fusion-column-wrapper fusion-flex-column-wrapper-legacy\"><div class=\"fusion-text fusion-text-1\"><h1 style=\"text-align: center;\"><span style=\"color: #3cbadd;\"><strong>The Area<\/strong><\/span><\/h1>\n<\/div><div class=\"fusion-clearfix\"><\/div><\/div><\/div><\/div><\/div><div class=\"fusion-fullwidth fullwidth-box fusion-builder-row-2 contentTopRegion nonhundred-percent-fullwidth non-hundred-percent-height-scrolling\" style=\"--awb-background-position:left top;--awb-border-radius-top-left:0px;--awb-border-radius-top-right:0px;--awb-border-radius-bottom-right:0px;--awb-border-radius-bottom-left:0px;--awb-padding-top:0px;--awb-padding-bottom:20px;--awb-border-sizes-top:0px;--awb-border-sizes-bottom:0px;\" id=\"contentTopRegion\" ><div class=\"fusion-builder-row fusion-row\"><div class=\"fusion-layout-column fusion_builder_column fusion-builder-column-1 fusion_builder_column_1_3 1_3 fusion-one-third fusion-column-first contentVideoTopGauche\" style=\"--awb-bg-size:cover;width:30.6666%; margin-right: 4%;\"><div class=\"fusion-column-wrapper fusion-flex-column-wrapper-legacy\"><div class=\"fusion-title title fusion-title-1 fusion-sep-none fusion-title-text fusion-title-size-three\"><h3 class=\"title-heading-left fusion-responsive-typography-calculated\" style=\"margin:0;--fontSize:16;--minFontSize:16;line-height:1.5;\">Parc Naturel R\u00e9gional Des Vosges du Nord<\/h3><\/div><!--YouTube Error: bad URL entered--><div class=\"fusion-clearfix\"><\/div><\/div><\/div><div class=\"fusion-layout-column fusion_builder_column fusion-builder-column-2 fusion_builder_column_1_3 1_3 fusion-one-third contentVideoTopMilieu\" style=\"--awb-bg-size:cover;width:30.6666%; margin-right: 4%;\"><div class=\"fusion-column-wrapper fusion-flex-column-wrapper-legacy\"><div class=\"fusion-title title fusion-title-2 fusion-sep-none fusion-title-text fusion-title-size-three\"><h3 class=\"title-heading-left fusion-responsive-typography-calculated\" style=\"margin:0;--fontSize:16;--minFontSize:16;line-height:1.5;\">Ch\u00e2teau-Fort du Haut-Barr<\/h3><\/div><!--YouTube Error: bad URL entered--><div class=\"fusion-clearfix\"><\/div><\/div><\/div><div class=\"fusion-layout-column fusion_builder_column fusion-builder-column-3 fusion_builder_column_1_3 1_3 fusion-one-third fusion-column-last contentVideoTopDroite\" style=\"--awb-bg-size:cover;width:30.6666%;\"><div class=\"fusion-column-wrapper fusion-flex-column-wrapper-legacy\"><div class=\"fusion-title title fusion-title-3 fusion-sep-none fusion-title-text fusion-title-size-three\"><h3 class=\"title-heading-left fusion-responsive-typography-calculated\" style=\"margin:0;--fontSize:16;--minFontSize:16;line-height:1.5;\">Route des Ch\u00e2teaux Forts et Cit\u00e9s Fortifi\u00e9es<\/h3><\/div><!--YouTube Error: bad URL entered--><div class=\"fusion-clearfix\"><\/div><\/div><\/div><\/div><\/div><div class=\"fusion-fullwidth fullwidth-box fusion-builder-row-3 nonhundred-percent-fullwidth non-hundred-percent-height-scrolling\" style=\"--awb-background-position:left top;--awb-border-radius-top-left:0px;--awb-border-radius-top-right:0px;--awb-border-radius-bottom-right:0px;--awb-border-radius-bottom-left:0px;--awb-padding-top:20px;--awb-padding-bottom:20px;--awb-border-sizes-top:0px;--awb-border-sizes-bottom:0px;\" ><div class=\"fusion-builder-row fusion-row\"><div class=\"fusion-layout-column fusion_builder_column fusion-builder-column-4 fusion_builder_column_1_2 1_2 fusion-one-half fusion-column-first\" style=\"--awb-padding-top:10px;--awb-padding-right:10px;--awb-padding-bottom:10px;--awb-padding-left:10px;--awb-bg-size:cover;--awb-border-color:#3cbadd;--awb-border-top:1px;--awb-border-right:1px;--awb-border-bottom:1px;--awb-border-left:1px;--awb-border-style:solid;width:48%; margin-right: 4%;\"><div class=\"fusion-column-wrapper fusion-flex-column-wrapper-legacy\"><div class=\"fusion-text fusion-text-2\"><h2 style=\"text-align: center;\"><span style=\"color: #3cbadd;\"><strong>Strasbourg<\/strong><\/span><\/h2>\n<p style=\"text-align: center;\">The European Parliament\u00a0and the Cathedral.<\/p>\n<p style=\"text-align: center;\"><img data-recalc-dims=\"1\" decoding=\"async\" class=\"alignleft wp-image-73 size-medium\" src=\"https:\/\/i0.wp.com\/gites-stoffel.fr\/wp-content\/uploads\/2011\/04\/parlement-Europeen-300x200.jpg?resize=300%2C200\" alt=\"parlement Europeen\" width=\"300\" height=\"200\" srcset=\"https:\/\/i0.wp.com\/gites-stoffel.fr\/wp-content\/uploads\/2011\/04\/parlement-Europeen.jpg?resize=200%2C133&amp;ssl=1 200w, https:\/\/i0.wp.com\/gites-stoffel.fr\/wp-content\/uploads\/2011\/04\/parlement-Europeen.jpg?resize=300%2C200&amp;ssl=1 300w, https:\/\/i0.wp.com\/gites-stoffel.fr\/wp-content\/uploads\/2011\/04\/parlement-Europeen.jpg?fit=350%2C233&amp;ssl=1 350w\" sizes=\"(max-width: 300px) 100vw, 300px\" \/><img data-recalc-dims=\"1\" decoding=\"async\" class=\"size-full wp-image-74 alignnone\" src=\"https:\/\/i0.wp.com\/gites-stoffel.fr\/wp-content\/uploads\/2011\/04\/CATHED_NOEL.jpg?resize=150%2C250\" alt=\"CATHED_NOEL\" width=\"150\" height=\"250\" \/><\/p>\n<p style=\"text-align: center;\">To access the site of the Tourist Office of Strasbourg,\u00a0<span style=\"color: #3cbadd;\"><strong><a style=\"color: #3cbadd;\" href=\"http:\/\/www.otstrasbourg.fr\/en\" target=\"_blank\" rel=\"noopener noreferrer\">clic here.<\/a><\/strong><\/span><\/p>\n<\/div><div class=\"fusion-clearfix\"><\/div><\/div><\/div><div class=\"fusion-layout-column fusion_builder_column fusion-builder-column-5 fusion_builder_column_1_2 1_2 fusion-one-half fusion-column-last\" style=\"--awb-padding-top:10px;--awb-padding-right:10px;--awb-padding-bottom:10px;--awb-padding-left:10px;--awb-bg-size:cover;--awb-border-color:#3cbadd;--awb-border-top:1px;--awb-border-right:1px;--awb-border-bottom:1px;--awb-border-left:1px;--awb-border-style:solid;width:48%;\"><div class=\"fusion-column-wrapper fusion-flex-column-wrapper-legacy\"><div class=\"fusion-text fusion-text-3\"><h2 style=\"text-align: center;\"><span style=\"color: #3cbadd;\"><strong>Saverne<\/strong><\/span><\/h2>\n<p style=\"text-align: center;\">More informations about Saverne&#8217;s Area:<\/p>\n<p style=\"text-align: center;\"><a href=\"http:\/\/www.tourisme-saverne.fr\/?lang=en\" target=\"_blank\" rel=\"noopener noreferrer\"><img data-recalc-dims=\"1\" decoding=\"async\" class=\"alignnone wp-image-35\" src=\"https:\/\/i0.wp.com\/gites-stoffel.fr\/wp-content\/uploads\/2016\/08\/saverne.png?resize=120%2C81\" alt=\"saverne\" width=\"120\" height=\"81\" \/><\/a><\/p>\n<p style=\"text-align: center;\">To access the site of the Tourist Office of Saverne and its region\u00a0<span style=\"color: #3cbadd;\"><strong><a style=\"color: #3cbadd;\" href=\"http:\/\/www.tourisme-saverne.fr\/decouvrir\/?lang=en\" target=\"_blank\" rel=\"noopener noreferrer\">clic here<\/a><\/strong><\/span><span style=\"color: #3cbadd;\"><strong>\u00a0<\/strong><\/span><\/p>\n<\/div><div class=\"fusion-clearfix\"><\/div><\/div><\/div><div class=\"fusion-layout-column fusion_builder_column fusion-builder-column-6 fusion_builder_column_1_1 1_1 fusion-one-full fusion-column-first fusion-column-last\" style=\"--awb-bg-size:cover;\"><div class=\"fusion-column-wrapper fusion-flex-column-wrapper-legacy\"><div class=\"fusion-text fusion-text-4\"><h1 style=\"text-align: center;\"><span style=\"color: #3cbadd;\"><strong>And many others&#8230;<\/strong><\/span><\/h1>\n<\/div><div class=\"fusion-clearfix\"><\/div><\/div><\/div><div class=\"fusion-layout-column fusion_builder_column fusion-builder-column-7 fusion_builder_column_1_2 1_2 fusion-one-half fusion-column-first\" style=\"--awb-padding-top:10px;--awb-padding-right:10px;--awb-padding-bottom:10px;--awb-padding-left:10px;--awb-bg-size:cover;--awb-border-color:#3cbadd;--awb-border-top:1px;--awb-border-right:1px;--awb-border-bottom:1px;--awb-border-left:1px;--awb-border-style:solid;width:48%; margin-right: 4%;\"><div class=\"fusion-column-wrapper fusion-flex-column-wrapper-legacy\"><div class=\"fusion-text fusion-text-5\"><h2 style=\"text-align: center;\"><span style=\"color: #3cbadd;\"><strong><a style=\"color: #3cbadd;\" href=\"http:\/\/www.haut-koenigsbourg.fr\/en\/\" target=\"_blank\" rel=\"noopener noreferrer\">Le\u00a0Ch\u00e2teau du Haut-Koenigsbourg<\/a><\/strong><\/span><\/h2>\n<p><a href=\"http:\/\/www.haut-koenigsbourg.fr\/en\/\" target=\"_blank\" rel=\"noopener noreferrer\"><img data-recalc-dims=\"1\" decoding=\"async\" class=\"aligncenter wp-image-76 size-full\" src=\"https:\/\/i0.wp.com\/gites-stoffel.fr\/wp-content\/uploads\/2011\/04\/haut-koenigsbourg.jpg?resize=147%2C270\" alt=\"haut koenigsbourg\" width=\"147\" height=\"270\" \/><\/a><\/p>\n<\/div><div class=\"fusion-clearfix\"><\/div><\/div><\/div><div class=\"fusion-layout-column fusion_builder_column fusion-builder-column-8 fusion_builder_column_1_2 1_2 fusion-one-half fusion-column-last\" style=\"--awb-padding-top:10px;--awb-padding-right:10px;--awb-padding-bottom:10px;--awb-padding-left:10px;--awb-bg-size:cover;--awb-border-color:#3cbadd;--awb-border-top:1px;--awb-border-right:1px;--awb-border-bottom:1px;--awb-border-left:1px;--awb-border-style:solid;width:48%;\"><div class=\"fusion-column-wrapper fusion-flex-column-wrapper-legacy\"><div class=\"fusion-text fusion-text-6\"><h2 style=\"text-align: center;\"><a href=\"http:\/\/www.ecomusee-alsace.fr\/fr\/\" target=\"_blank\" rel=\"noopener noreferrer\"><strong><span style=\"color: #3cbadd;\">L&#8217;Ecomus\u00e9e d&#8217;Alsace<\/span><\/strong><\/a><\/h2>\n<p style=\"text-align: center;\"><span style=\"color: #3cbadd;\"><div class=\"fusion-image-element in-legacy-container\" style=\"--awb-caption-title-font-family:var(--h2_typography-font-family);--awb-caption-title-font-weight:var(--h2_typography-font-weight);--awb-caption-title-font-style:var(--h2_typography-font-style);--awb-caption-title-size:var(--h2_typography-font-size);--awb-caption-title-transform:var(--h2_typography-text-transform);--awb-caption-title-line-height:var(--h2_typography-line-height);--awb-caption-title-letter-spacing:var(--h2_typography-letter-spacing);\"><span class=\" fusion-imageframe imageframe-none imageframe-1 hover-type-none\" class=\"image-magnify\" class=\"image-scroll\"><img data-recalc-dims=\"1\" decoding=\"async\" src=\"https:\/\/i0.wp.com\/gites-stoffel.fr\/wp-content\/uploads\/2011\/04\/ecomuse.jpg?w=1280\" alt class=\"img-responsive\"\/><\/span><\/div><\/span><\/p>\n<p style=\"text-align: center;\"><div class=\"fusion-image-element in-legacy-container\" style=\"--awb-caption-title-font-family:var(--h2_typography-font-family);--awb-caption-title-font-weight:var(--h2_typography-font-weight);--awb-caption-title-font-style:var(--h2_typography-font-style);--awb-caption-title-size:var(--h2_typography-font-size);--awb-caption-title-transform:var(--h2_typography-text-transform);--awb-caption-title-line-height:var(--h2_typography-line-height);--awb-caption-title-letter-spacing:var(--h2_typography-letter-spacing);\"><span class=\" fusion-imageframe imageframe-none imageframe-2 hover-type-none\" class=\"image-magnify\" class=\"image-scroll\"><img data-recalc-dims=\"1\" decoding=\"async\" src=\"https:\/\/i0.wp.com\/gites-stoffel.fr\/wp-content\/uploads\/2011\/04\/logo-ecomusee.gif?w=1280\" alt class=\"img-responsive\"\/><\/span><\/div><\/p>\n<\/div><div class=\"fusion-clearfix\"><\/div><\/div><\/div><div class=\"fusion-layout-column fusion_builder_column fusion-builder-column-9 fusion_builder_column_1_2 1_2 fusion-one-half fusion-column-first\" style=\"--awb-padding-top:10px;--awb-padding-right:10px;--awb-padding-bottom:10px;--awb-padding-left:10px;--awb-bg-size:cover;--awb-border-color:#3cbadd;--awb-border-top:1px;--awb-border-right:1px;--awb-border-bottom:1px;--awb-border-left:1px;--awb-border-style:solid;width:48%; margin-right: 4%;\"><div class=\"fusion-column-wrapper fusion-flex-column-wrapper-legacy\"><div class=\"fusion-text fusion-text-7\"><h2 style=\"text-align: center;\"><a href=\"http:\/\/www.oeuvre-notre-dame.org\/\" target=\"_blank\" rel=\"noopener noreferrer\"><strong><span style=\"color: #3cbadd;\">Fondation de l&#8217;Oeuvre Notre Dame<\/span><\/strong><\/a><\/h2>\n<p><a href=\"http:\/\/www.oeuvre-notre-dame.org\/\" target=\"_blank\" rel=\"noopener noreferrer\"><img data-recalc-dims=\"1\" decoding=\"async\" class=\"size-full wp-image-77 aligncenter\" src=\"https:\/\/i0.wp.com\/gites-stoffel.fr\/wp-content\/uploads\/2011\/04\/vitrail1.gif?resize=118%2C150\" alt=\"vitrail1\" width=\"118\" height=\"150\" \/><\/a><a href=\"http:\/\/www.oeuvre-notre-dame.org\/\" target=\"_blank\" rel=\"noopener noreferrer\"><img data-recalc-dims=\"1\" decoding=\"async\" class=\"aligncenter wp-image-78 size-full\" src=\"https:\/\/i0.wp.com\/gites-stoffel.fr\/wp-content\/uploads\/2011\/04\/vitrail2.gif?resize=117%2C151\" alt=\"vitrail2\" width=\"117\" height=\"151\" \/><\/a><\/p>\n<\/div><div class=\"fusion-clearfix\"><\/div><\/div><\/div><div class=\"fusion-layout-column fusion_builder_column fusion-builder-column-10 fusion_builder_column_1_2 1_2 fusion-one-half fusion-column-last\" style=\"--awb-padding-top:10px;--awb-padding-right:10px;--awb-padding-bottom:10px;--awb-padding-left:10px;--awb-bg-size:cover;--awb-border-color:#3cbadd;--awb-border-top:1px;--awb-border-right:1px;--awb-border-bottom:1px;--awb-border-left:1px;--awb-border-style:solid;width:48%;\"><div class=\"fusion-column-wrapper fusion-flex-column-wrapper-legacy\"><div class=\"fusion-text fusion-text-8\"><h2 style=\"text-align: center;\"><a href=\"http:\/\/www.europapark.de\/en\" target=\"_blank\" rel=\"noopener noreferrer\"><strong><span style=\"color: #3cbadd;\">Europa-Park<\/span><\/strong><\/a><\/h2>\n<p><a href=\"http:\/\/www.europapark.de\/en\" target=\"_blank\" rel=\"noopener noreferrer\"><img data-recalc-dims=\"1\" decoding=\"async\" class=\"aligncenter wp-image-83 size-full\" src=\"https:\/\/i0.wp.com\/gites-stoffel.fr\/wp-content\/uploads\/2011\/04\/europapark.jpg?resize=244%2C235\" alt=\"europapark\" width=\"244\" height=\"235\" srcset=\"https:\/\/i0.wp.com\/gites-stoffel.fr\/wp-content\/uploads\/2011\/04\/europapark.jpg?resize=200%2C193&amp;ssl=1 200w, https:\/\/i0.wp.com\/gites-stoffel.fr\/wp-content\/uploads\/2011\/04\/europapark.jpg?fit=244%2C235&amp;ssl=1 244w\" sizes=\"(max-width: 244px) 100vw, 244px\" \/><\/a><\/p>\n<p><a href=\"http:\/\/www.europapark.de\/en\" target=\"_blank\" rel=\"noopener noreferrer\"><img data-recalc-dims=\"1\" decoding=\"async\" class=\"aligncenter wp-image-82 size-full\" src=\"https:\/\/i0.wp.com\/gites-stoffel.fr\/wp-content\/uploads\/2011\/04\/logo-europapark.gif?resize=293%2C116\" alt=\"logo europapark\" width=\"293\" height=\"116\" \/><\/a><\/p>\n<\/div><div class=\"fusion-clearfix\"><\/div><\/div><\/div><div class=\"fusion-layout-column fusion_builder_column fusion-builder-column-11 fusion_builder_column_1_2 1_2 fusion-one-half fusion-column-first\" style=\"--awb-padding-top:10px;--awb-padding-right:10px;--awb-padding-bottom:10px;--awb-padding-left:10px;--awb-bg-size:cover;--awb-border-color:#3cbadd;--awb-border-top:1px;--awb-border-right:1px;--awb-border-bottom:1px;--awb-border-left:1px;--awb-border-style:solid;width:48%; margin-right: 4%;\"><div class=\"fusion-column-wrapper fusion-flex-column-wrapper-legacy\"><div class=\"fusion-text fusion-text-9\"><h2 style=\"text-align: center;\"><a href=\"http:\/\/www.parc-vosges-nord.fr\/\" target=\"_blank\" rel=\"noopener noreferrer\"><strong><span style=\"color: #3cbadd;\">Le Parc R\u00e9gional des Vosges du Nord<\/span><\/strong><\/a><\/h2>\n<p><a href=\"http:\/\/www.parc-vosges-nord.fr\/\" target=\"_blank\" rel=\"noopener noreferrer\"><img data-recalc-dims=\"1\" decoding=\"async\" class=\"size-full wp-image-130 aligncenter\" src=\"https:\/\/i0.wp.com\/gites-stoffel.fr\/wp-content\/uploads\/2011\/04\/parc-naturel-vosges-du-nord.jpg?resize=339%2C294\" alt=\"parc naturel vosges du nord\" width=\"339\" height=\"294\" srcset=\"https:\/\/i0.wp.com\/gites-stoffel.fr\/wp-content\/uploads\/2011\/04\/parc-naturel-vosges-du-nord.jpg?resize=200%2C173&amp;ssl=1 200w, https:\/\/i0.wp.com\/gites-stoffel.fr\/wp-content\/uploads\/2011\/04\/parc-naturel-vosges-du-nord.jpg?resize=300%2C260&amp;ssl=1 300w, https:\/\/i0.wp.com\/gites-stoffel.fr\/wp-content\/uploads\/2011\/04\/parc-naturel-vosges-du-nord.jpg?fit=339%2C294&amp;ssl=1 339w\" sizes=\"(max-width: 339px) 100vw, 339px\" \/><\/a><\/p>\n<\/div><div class=\"fusion-clearfix\"><\/div><\/div><\/div><div class=\"fusion-layout-column fusion_builder_column fusion-builder-column-12 fusion_builder_column_1_2 1_2 fusion-one-half fusion-column-last\" style=\"--awb-padding-top:10px;--awb-padding-right:10px;--awb-padding-bottom:10px;--awb-padding-left:10px;--awb-bg-size:cover;--awb-border-color:#3cbadd;--awb-border-top:1px;--awb-border-right:1px;--awb-border-bottom:1px;--awb-border-left:1px;--awb-border-style:solid;width:48%;\"><div class=\"fusion-column-wrapper fusion-flex-column-wrapper-legacy\"><div class=\"fusion-text fusion-text-10\"><h2 style=\"text-align: center;\"><a href=\"http:\/\/www.hansi.fr\/le-musee-hansi.html\" target=\"_blank\" rel=\"noopener noreferrer\"><strong><span style=\"color: #3cbadd;\">Le Mus\u00e9e Hansi<\/span><\/strong><\/a><\/h2>\n<p><a href=\"http:\/\/www.hansi.fr\/le-musee-hansi.html\" target=\"_blank\" rel=\"noopener noreferrer\"><img data-recalc-dims=\"1\" decoding=\"async\" class=\"aligncenter wp-image-227 size-full\" src=\"https:\/\/i0.wp.com\/gites-stoffel.fr\/wp-content\/uploads\/2016\/08\/hansi_couple-264x300.jpg?resize=264%2C300\" alt=\"hansi_couple-264x300\" width=\"264\" height=\"300\" srcset=\"https:\/\/i0.wp.com\/gites-stoffel.fr\/wp-content\/uploads\/2016\/08\/hansi_couple-264x300.jpg?resize=200%2C227&amp;ssl=1 200w, https:\/\/i0.wp.com\/gites-stoffel.fr\/wp-content\/uploads\/2016\/08\/hansi_couple-264x300.jpg?fit=264%2C300&amp;ssl=1 264w\" sizes=\"(max-width: 264px) 100vw, 264px\" \/><\/a><\/p>\n<\/div><div class=\"fusion-clearfix\"><\/div><\/div><\/div><div class=\"fusion-layout-column fusion_builder_column fusion-builder-column-13 fusion_builder_column_1_2 1_2 fusion-one-half fusion-column-first\" style=\"--awb-padding-top:10px;--awb-padding-right:10px;--awb-padding-bottom:10px;--awb-padding-left:10px;--awb-bg-size:cover;--awb-border-color:#3cbadd;--awb-border-top:1px;--awb-border-right:1px;--awb-border-bottom:1px;--awb-border-left:1px;--awb-border-style:solid;width:48%; margin-right: 4%;\"><div class=\"fusion-column-wrapper fusion-flex-column-wrapper-legacy\"><div class=\"fusion-text fusion-text-11\"><h2 style=\"text-align: center;\"><a href=\"http:\/\/royal-palace.com\/en\/\" target=\"_blank\" rel=\"noopener noreferrer\"><strong><span style=\"color: #3cbadd;\">Le Royal Palace \u00e0 Kirrwiller<\/span><\/strong><\/a><\/h2>\n<p><a href=\"http:\/\/royal-palace.com\/en\/\" target=\"_blank\" rel=\"noopener noreferrer\"><img data-recalc-dims=\"1\" decoding=\"async\" class=\"aligncenter wp-image-79 size-full\" src=\"https:\/\/i0.wp.com\/gites-stoffel.fr\/wp-content\/uploads\/2011\/04\/Royal-Palace.jpg?resize=256%2C127\" alt=\"Royal Palace\" width=\"256\" height=\"127\" srcset=\"https:\/\/i0.wp.com\/gites-stoffel.fr\/wp-content\/uploads\/2011\/04\/Royal-Palace.jpg?resize=200%2C99&amp;ssl=1 200w, https:\/\/i0.wp.com\/gites-stoffel.fr\/wp-content\/uploads\/2011\/04\/Royal-Palace.jpg?fit=256%2C127&amp;ssl=1 256w\" sizes=\"(max-width: 256px) 100vw, 256px\" \/><\/a><\/p>\n<\/div><div class=\"fusion-clearfix\"><\/div><\/div><\/div><\/div><\/div><div class=\"fusion-fullwidth fullwidth-box fusion-builder-row-4 nonhundred-percent-fullwidth non-hundred-percent-height-scrolling\" style=\"--awb-background-position:left top;--awb-border-radius-top-left:0px;--awb-border-radius-top-right:0px;--awb-border-radius-bottom-right:0px;--awb-border-radius-bottom-left:0px;--awb-padding-top:0px;--awb-padding-bottom:20px;--awb-border-sizes-top:0px;--awb-border-sizes-bottom:0px;\" ><div class=\"fusion-builder-row fusion-row\"><div class=\"fusion-layout-column fusion_builder_column fusion-builder-column-14 fusion_builder_column_1_2 1_2 fusion-one-half fusion-column-first\" style=\"--awb-bg-size:cover;width:48%; margin-right: 4%;\"><div class=\"fusion-column-wrapper fusion-flex-column-wrapper-legacy\"><div class=\"fusion-aligncenter\"><a class=\"fusion-button button-flat button-xlarge button-custom fusion-button-default button-1 fusion-button-default-span fusion-button-default-type\" style=\"--button_accent_color:#ffffff;--button_accent_hover_color:#ffffff;--button_border_hover_color:#ffffff;--button_gradient_top_color:#3bbadd;--button_gradient_bottom_color:#3bbadd;--button_gradient_top_color_hover:#007dc1;--button_gradient_bottom_color_hover:#007dc1;\" target=\"_self\" href=\"http:\/\/gites-stoffel.fr\/en\/contact-us\/\"><span class=\"fusion-button-text\">Book<\/span><\/a><\/div><div class=\"fusion-clearfix\"><\/div><\/div><\/div><div class=\"fusion-layout-column fusion_builder_column fusion-builder-column-15 fusion_builder_column_1_2 1_2 fusion-one-half fusion-column-last\" style=\"--awb-bg-size:cover;width:48%;\"><div class=\"fusion-column-wrapper fusion-flex-column-wrapper-legacy\"><div class=\"fusion-aligncenter\"><a class=\"fusion-button button-flat button-xlarge button-custom fusion-button-default button-2 fusion-button-default-span fusion-button-default-type\" style=\"--button_accent_color:#ffffff;--button_accent_hover_color:#ffffff;--button_border_hover_color:#ffffff;--button_gradient_top_color:#3bbadd;--button_gradient_bottom_color:#3bbadd;--button_gradient_top_color_hover:#007dc1;--button_gradient_bottom_color_hover:#007dc1;\" target=\"_self\" href=\"http:\/\/gites-stoffel.fr\/en\/rate\/\"><span class=\"fusion-button-text\">Rate<\/span><\/a><\/div><div class=\"fusion-clearfix\"><\/div><\/div><\/div><\/div><\/div><\/p>\n","protected":false},"excerpt":{"rendered":"","protected":false},"author":1,"featured_media":0,"parent":0,"menu_order":0,"comment_status":"closed","ping_status":"closed","template":"100-width.php","meta":{"jetpack_post_was_ever_published":false,"footnotes":""},"class_list":["post-324","page","type-page","status-publish","hentry"],"yoast_head":"<!-- This site is optimized with the Yoast SEO plugin v25.1 - https:\/\/yoast.com\/wordpress\/plugins\/seo\/ -->\n<title>The Area - G\u00eetes d&#039;Alsace Stoffel<\/title>\n<meta name=\"robots\" content=\"index, follow, max-snippet:-1, max-image-preview:large, max-video-preview:-1\" \/>\n<link rel=\"canonical\" href=\"https:\/\/gites-stoffel.fr\/en\/la-region\/\" \/>\n<meta property=\"og:locale\" content=\"en_US\" \/>\n<meta property=\"og:type\" content=\"article\" \/>\n<meta property=\"og:title\" content=\"The Area - G\u00eetes d&#039;Alsace Stoffel\" \/>\n<meta property=\"og:url\" content=\"https:\/\/gites-stoffel.fr\/en\/la-region\/\" \/>\n<meta property=\"og:site_name\" content=\"G\u00eetes d&#039;Alsace Stoffel\" \/>\n<meta property=\"article:modified_time\" content=\"2019-10-31T11:10:46+00:00\" \/>\n<meta property=\"og:image\" content=\"http:\/\/gites-stoffel.fr\/wp-content\/uploads\/2011\/04\/parlement-Europeen-300x200.jpg\" \/>\n<meta name=\"twitter:card\" content=\"summary_large_image\" \/>\n<meta name=\"twitter:label1\" content=\"Est. reading time\" \/>\n\t<meta name=\"twitter:data1\" content=\"9 minutes\" \/>\n<script type=\"application\/ld+json\" class=\"yoast-schema-graph\">{\"@context\":\"https:\/\/schema.org\",\"@graph\":[{\"@type\":\"WebPage\",\"@id\":\"https:\/\/gites-stoffel.fr\/en\/la-region\/\",\"url\":\"https:\/\/gites-stoffel.fr\/en\/la-region\/\",\"name\":\"The Area - G\u00eetes d&#039;Alsace Stoffel\",\"isPartOf\":{\"@id\":\"https:\/\/gites-stoffel.fr\/#website\"},\"primaryImageOfPage\":{\"@id\":\"https:\/\/gites-stoffel.fr\/en\/la-region\/#primaryimage\"},\"image\":{\"@id\":\"https:\/\/gites-stoffel.fr\/en\/la-region\/#primaryimage\"},\"thumbnailUrl\":\"http:\/\/gites-stoffel.fr\/wp-content\/uploads\/2011\/04\/parlement-Europeen-300x200.jpg\",\"datePublished\":\"2016-08-23T09:12:51+00:00\",\"dateModified\":\"2019-10-31T11:10:46+00:00\",\"breadcrumb\":{\"@id\":\"https:\/\/gites-stoffel.fr\/en\/la-region\/#breadcrumb\"},\"inLanguage\":\"en-US\",\"potentialAction\":[{\"@type\":\"ReadAction\",\"target\":[\"https:\/\/gites-stoffel.fr\/en\/la-region\/\"]}]},{\"@type\":\"ImageObject\",\"inLanguage\":\"en-US\",\"@id\":\"https:\/\/gites-stoffel.fr\/en\/la-region\/#primaryimage\",\"url\":\"http:\/\/gites-stoffel.fr\/wp-content\/uploads\/2011\/04\/parlement-Europeen-300x200.jpg\",\"contentUrl\":\"http:\/\/gites-stoffel.fr\/wp-content\/uploads\/2011\/04\/parlement-Europeen-300x200.jpg\"},{\"@type\":\"BreadcrumbList\",\"@id\":\"https:\/\/gites-stoffel.fr\/en\/la-region\/#breadcrumb\",\"itemListElement\":[{\"@type\":\"ListItem\",\"position\":1,\"name\":\"Accueil\",\"item\":\"https:\/\/gites-stoffel.fr\/en\/\"},{\"@type\":\"ListItem\",\"position\":2,\"name\":\"The Area\"}]},{\"@type\":\"WebSite\",\"@id\":\"https:\/\/gites-stoffel.fr\/#website\",\"url\":\"https:\/\/gites-stoffel.fr\/\",\"name\":\"G\u00eetes d&#039;Alsace Stoffel\",\"description\":\"Location g\u00eetes et meubl\u00e9s \u00e0 Dettwiller\",\"potentialAction\":[{\"@type\":\"SearchAction\",\"target\":{\"@type\":\"EntryPoint\",\"urlTemplate\":\"https:\/\/gites-stoffel.fr\/?s={search_term_string}\"},\"query-input\":{\"@type\":\"PropertyValueSpecification\",\"valueRequired\":true,\"valueName\":\"search_term_string\"}}],\"inLanguage\":\"en-US\"}]}<\/script>\n<!-- \/ Yoast SEO plugin. -->","yoast_head_json":{"title":"The Area - G\u00eetes d&#039;Alsace Stoffel","robots":{"index":"index","follow":"follow","max-snippet":"max-snippet:-1","max-image-preview":"max-image-preview:large","max-video-preview":"max-video-preview:-1"},"canonical":"https:\/\/gites-stoffel.fr\/en\/la-region\/","og_locale":"en_US","og_type":"article","og_title":"The Area - G\u00eetes d&#039;Alsace Stoffel","og_url":"https:\/\/gites-stoffel.fr\/en\/la-region\/","og_site_name":"G\u00eetes d&#039;Alsace Stoffel","article_modified_time":"2019-10-31T11:10:46+00:00","og_image":[{"url":"http:\/\/gites-stoffel.fr\/wp-content\/uploads\/2011\/04\/parlement-Europeen-300x200.jpg","type":"","width":"","height":""}],"twitter_card":"summary_large_image","twitter_misc":{"Est. reading time":"9 minutes"},"schema":{"@context":"https:\/\/schema.org","@graph":[{"@type":"WebPage","@id":"https:\/\/gites-stoffel.fr\/en\/la-region\/","url":"https:\/\/gites-stoffel.fr\/en\/la-region\/","name":"The Area - G\u00eetes d&#039;Alsace Stoffel","isPartOf":{"@id":"https:\/\/gites-stoffel.fr\/#website"},"primaryImageOfPage":{"@id":"https:\/\/gites-stoffel.fr\/en\/la-region\/#primaryimage"},"image":{"@id":"https:\/\/gites-stoffel.fr\/en\/la-region\/#primaryimage"},"thumbnailUrl":"http:\/\/gites-stoffel.fr\/wp-content\/uploads\/2011\/04\/parlement-Europeen-300x200.jpg","datePublished":"2016-08-23T09:12:51+00:00","dateModified":"2019-10-31T11:10:46+00:00","breadcrumb":{"@id":"https:\/\/gites-stoffel.fr\/en\/la-region\/#breadcrumb"},"inLanguage":"en-US","potentialAction":[{"@type":"ReadAction","target":["https:\/\/gites-stoffel.fr\/en\/la-region\/"]}]},{"@type":"ImageObject","inLanguage":"en-US","@id":"https:\/\/gites-stoffel.fr\/en\/la-region\/#primaryimage","url":"http:\/\/gites-stoffel.fr\/wp-content\/uploads\/2011\/04\/parlement-Europeen-300x200.jpg","contentUrl":"http:\/\/gites-stoffel.fr\/wp-content\/uploads\/2011\/04\/parlement-Europeen-300x200.jpg"},{"@type":"BreadcrumbList","@id":"https:\/\/gites-stoffel.fr\/en\/la-region\/#breadcrumb","itemListElement":[{"@type":"ListItem","position":1,"name":"Accueil","item":"https:\/\/gites-stoffel.fr\/en\/"},{"@type":"ListItem","position":2,"name":"The Area"}]},{"@type":"WebSite","@id":"https:\/\/gites-stoffel.fr\/#website","url":"https:\/\/gites-stoffel.fr\/","name":"G\u00eetes d&#039;Alsace Stoffel","description":"Location g\u00eetes et meubl\u00e9s \u00e0 Dettwiller","potentialAction":[{"@type":"SearchAction","target":{"@type":"EntryPoint","urlTemplate":"https:\/\/gites-stoffel.fr\/?s={search_term_string}"},"query-input":{"@type":"PropertyValueSpecification","valueRequired":true,"valueName":"search_term_string"}}],"inLanguage":"en-US"}]}},"jetpack_sharing_enabled":true,"jetpack_shortlink":"https:\/\/wp.me\/P4n1Om-5e","jetpack-related-posts":[],"_links":{"self":[{"href":"https:\/\/gites-stoffel.fr\/en\/wp-json\/wp\/v2\/pages\/324","targetHints":{"allow":["GET"]}}],"collection":[{"href":"https:\/\/gites-stoffel.fr\/en\/wp-json\/wp\/v2\/pages"}],"about":[{"href":"https:\/\/gites-stoffel.fr\/en\/wp-json\/wp\/v2\/types\/page"}],"author":[{"embeddable":true,"href":"https:\/\/gites-stoffel.fr\/en\/wp-json\/wp\/v2\/users\/1"}],"replies":[{"embeddable":true,"href":"https:\/\/gites-stoffel.fr\/en\/wp-json\/wp\/v2\/comments?post=324"}],"version-history":[{"count":6,"href":"https:\/\/gites-stoffel.fr\/en\/wp-json\/wp\/v2\/pages\/324\/revisions"}],"predecessor-version":[{"id":798,"href":"https:\/\/gites-stoffel.fr\/en\/wp-json\/wp\/v2\/pages\/324\/revisions\/798"}],"wp:attachment":[{"href":"https:\/\/gites-stoffel.fr\/en\/wp-json\/wp\/v2\/media?parent=324"}],"curies":[{"name":"wp","href":"https:\/\/api.w.org\/{rel}","templated":true}]}}